{"id":8,"date":"2019-03-10T17:17:53","date_gmt":"2019-03-10T16:17:53","guid":{"rendered":"http:\/\/www.test2.medievalesbonaguil.fr\/?page_id=8"},"modified":"2025-01-19T19:33:53","modified_gmt":"2025-01-19T18:33:53","slug":"a-propos-de","status":"publish","type":"page","link":"https:\/\/www.medievalesbonaguil.fr\/current\/a-propos-de\/","title":{"rendered":"\u00c0 propos de"},"content":{"rendered":"\n<h3 class=\"wp-block-heading\"><span style=\"color:#bc1900\" class=\"tadv-color\">Association des m\u00e9di\u00e9vales des ch\u00e2teaux Bonaguil-Fumel<\/span><\/h3>\n\n\n<h4 style=\"text-align: center;\">Association loi 1901, permettant donc de b\u00e9n\u00e9ficier d\u2019une r\u00e9duction d\u2019imp\u00f4ts au titre des dons, sous certaines conditions.<\/h4>\n<h4 style=\"text-align: center;\">Elle a \u00e9t\u00e9 cr\u00e9e en 2002.<\/h4>\n<p style=\"text-align: center;\">Elle adh\u00e8re <a href=\"https:\/\/www.associations.gouv.fr\/le-contrat-d-engagement-republicain-le-guide-pratique.html\">au contrat d&rsquo;engagement r\u00e9publicain<\/a> depuis le10\/12\/2022<\/p>\n<h4 style=\"text-align: center;\">Composition du bureau au 12\/10\/2024:<\/h4>\n<h4 style=\"text-align: center;\">\u00a0Pr\u00e9sidente : St\u00e9phanie Lahogue &#8211; Paryl<\/h4>\n<h4 style=\"text-align: center;\">Vice-Pr\u00e9sident : Sofie Gielens<\/h4>\n<h4 style=\"text-align: center;\">Secr\u00e9taire : Monique Rougeron<\/h4>\n<h4 style=\"text-align: center;\">\u00a0Secr\u00e9taire adjointe : Alexia Bihel<\/h4>\n<h4 style=\"text-align: center;\">\u00a0Tr\u00e9sori\u00e8re : David Paryl<br \/><br \/><\/h4>\n<h4 style=\"text-align: center;\">\u00a0<\/h4>\n<h4 style=\"text-align: center;\">L\u2019association des M\u00e9di\u00e9vales propose \u00e0 l\u2019ann\u00e9e un atelier de couture ainsi<br \/>que la location de costumes m\u00e9di\u00e9vaux.<\/h4>\n<h4 style=\"text-align: center;\">Elle a pour but d&rsquo;organiser chaque ann\u00e9e en juillet un weekend de f\u00eate m\u00e9di\u00e9vale au ch\u00e2teau de Bonaguil.<\/h4>\n<h4 style=\"text-align: center;\">Cette manifestation se veut interactive. Elle permet aux visiteurs le temps d&rsquo;un week-end de voyager dans le temps en participant \u00e0 de nombreux ateliers et animations.<\/h4>\n<h4 style=\"text-align: center;\">Durant tout le weekend, vous pouvez profiter des troupes, artisans, &#8230; pr\u00e9sents au sein du ch\u00e2teau .<\/h4>\n<h4 style=\"text-align: center;\">\u00a0<\/h4>\n<h4 style=\"text-align: center;\"><strong>Historique du bureau:<\/strong><\/h4>\n<h4 style=\"text-align: center;\">Composition du bureau au 31\/10\/2022:<\/h4>\n<h4 style=\"text-align: center;\">\u00a0Pr\u00e9sidente : St\u00e9phanie Lahogue &#8211; Paryl<br \/>\u00a0Vice-Pr\u00e9sident : Roger Moeskops<br \/>\u00a0Secr\u00e9taire : L\u00e9a Bihel<br \/>\u00a0Secr\u00e9taire adjointe : Marie-Luce Gleize<br \/>\u00a0Tr\u00e9sori\u00e8re : Christine Domenech<br \/>\u00a0Tr\u00e9sorier adjoint : Monique Rougeron<\/h4>\n<p style=\"text-align: center;\"><strong>Composition du bureau au 12\/10\/2018 :<\/strong><\/p>\n<p style=\"text-align: center;\">Pr\u00e9sidente : Viviane Marsand<br \/>\u00a0Pr\u00e9sidente adjointe : St\u00e9phanie Lahogue &#8211; Paryl<br \/>\u00a0Secr\u00e9taire : Chantal Brel<br \/>\u00a0Secr\u00e9taire adjointe : Marie-Luce Gleize<br \/>\u00a0Tr\u00e9sori\u00e8re : Christine Domenech<br \/>\u00a0Tr\u00e9sorier adjoint : Monique Rougeron<\/p>\n<div>\n<h3 class=\"yj6qo\">\u00a0<\/h3>\n<h3 class=\"adL\">\u00a0<\/h3>\n<\/div>","protected":false},"excerpt":{"rendered":"<p>Association des m\u00e9di\u00e9vales des ch\u00e2teaux Bonaguil-Fumel Association loi 1901, permettant donc de b\u00e9n\u00e9ficier d\u2019une r\u00e9duction d\u2019imp\u00f4ts au titre des dons, sous certaines conditions. Elle a \u00e9t\u00e9 cr\u00e9e en 2002. Elle adh\u00e8re au contrat d&rsquo;engagement r\u00e9publicain depuis le10\/12\/2022 Composition du bureau au 12\/10\/2024: \u00a0Pr\u00e9sidente : St\u00e9phanie Lahogue &#8211; Paryl Vice-Pr\u00e9sident : Sofie Gielens Secr\u00e9taire : Monique Rougeron \u00a0Secr\u00e9taire adjointe : Alexia Bihel \u00a0Tr\u00e9sori\u00e8re : David Paryl \u00a0 L\u2019association des M\u00e9di\u00e9vales propose \u00e0 l\u2019ann\u00e9e un atelier de couture ainsique la location de costumes m\u00e9di\u00e9vaux. Elle a pour but d&rsquo;organiser chaque ann\u00e9e en juillet un weekend de f\u00eate m\u00e9di\u00e9vale au ch\u00e2teau de Bonaguil. Cette manifestation se veut interactive. Elle permet aux visiteurs le temps d&rsquo;un week-end de voyager dans le temps en participant \u00e0 de nombreux ateliers et animations. Durant tout le weekend, vous pouvez profiter des troupes, artisans, &#8230; pr\u00e9sents au sein du ch\u00e2teau . \u00a0 Historique du bureau: Composition du bureau au 31\/10\/2022: \u00a0Pr\u00e9sidente : St\u00e9phanie Lahogue &#8211; Paryl\u00a0Vice-Pr\u00e9sident : Roger Moeskops\u00a0Secr\u00e9taire : L\u00e9a Bihel\u00a0Secr\u00e9taire adjointe : Marie-Luce Gleize\u00a0Tr\u00e9sori\u00e8re : Christine Domenech\u00a0Tr\u00e9sorier adjoint : Monique Rougeron Composition du bureau au 12\/10\/2018 : Pr\u00e9sidente : Viviane Marsand\u00a0Pr\u00e9sidente adjointe : St\u00e9phanie Lahogue &#8211; Paryl\u00a0Secr\u00e9taire : Chantal Brel\u00a0Secr\u00e9taire adjointe : Marie-Luce Gleize\u00a0Tr\u00e9sori\u00e8re : Christine Domenech\u00a0Tr\u00e9sorier adjoint : Monique Rougeron \u00a0 \u00a0<\/p>\n","protected":false},"author":1,"featured_media":0,"parent":0,"menu_order":0,"comment_status":"closed","ping_status":"closed","template":"","meta":{"footnotes":""},"class_list":["post-8","page","type-page","status-publish","hentry"],"jetpack_sharing_enabled":true,"_links":{"self":[{"href":"https:\/\/www.medievalesbonaguil.fr\/current\/wp-json\/wp\/v2\/pages\/8","targetHints":{"allow":["GET"]}}],"collection":[{"href":"https:\/\/www.medievalesbonaguil.fr\/current\/wp-json\/wp\/v2\/pages"}],"about":[{"href":"https:\/\/www.medievalesbonaguil.fr\/current\/wp-json\/wp\/v2\/types\/page"}],"author":[{"embeddable":true,"href":"https:\/\/www.medievalesbonaguil.fr\/current\/wp-json\/wp\/v2\/users\/1"}],"replies":[{"embeddable":true,"href":"https:\/\/www.medievalesbonaguil.fr\/current\/wp-json\/wp\/v2\/comments?post=8"}],"version-history":[{"count":19,"href":"https:\/\/www.medievalesbonaguil.fr\/current\/wp-json\/wp\/v2\/pages\/8\/revisions"}],"predecessor-version":[{"id":34958,"href":"https:\/\/www.medievalesbonaguil.fr\/current\/wp-json\/wp\/v2\/pages\/8\/revisions\/34958"}],"wp:attachment":[{"href":"https:\/\/www.medievalesbonaguil.fr\/current\/wp-json\/wp\/v2\/media?parent=8"}],"curies":[{"name":"wp","href":"https:\/\/api.w.org\/{rel}","templated":true}]}}